{"id":1180,"date":"2019-11-21T00:04:18","date_gmt":"2019-11-20T22:04:18","guid":{"rendered":"http:\/\/tulkaakaikkihame.fi\/?page_id=1180"},"modified":"2026-04-26T18:34:24","modified_gmt":"2026-04-26T18:34:24","slug":"mielenkiintoista-muualla","status":"publish","type":"page","link":"https:\/\/paijathame.tulkaakaikki.net\/dir\/mielenkiintoista-muualla\/","title":{"rendered":"Mielenkiintoista muualla"},"content":{"rendered":"\n<p>Sivulla on linkkej\u00e4 kohteisiin, joita on esitelty etusivullamme.<\/p>\n\n\n\n<p><strong>2026\/04<\/strong><\/p>\n\n\n\n<p>Aikakauslehti Vartija. <a href=\"https:\/\/www.vartija-lehti.fi\/kuinka-ymmartaa-uskontoa\/\" target=\"_blank\" rel=\"noreferrer noopener\">Markku Nieminen. 6.4.2026. Kuinka ymm\u00e4rt\u00e4\u00e4 uskontoa?<\/a><\/p>\n\n\n\n<p>The Guardian. <a href=\"https:\/\/www.theguardian.com\/us-news\/ng-interactive\/2026\/apr\/26\/pope-leo-trump-hegseth-christianity\" target=\"_blank\" rel=\"noreferrer noopener\">Bill McKibben. 26.4.2026. Pope Leo has stirred awake a progressive Christianity. It can rise again<\/a><\/p>\n\n\n\n<p><strong>2026\/03<\/strong><\/p>\n\n\n\n<p>Aikakauslehti Vartija. <a href=\"https:\/\/www.vartija-lehti.fi\/naisistumisen-pelko-vanhat-aatteet-uudet-vaatteet\/\" target=\"_blank\" rel=\"noreferrer noopener\">P\u00e4ivi V\u00e4h\u00e4kangas. 8.3.26. Naisistumisen pelko: vanhat aatteet, uudet vaatteet<\/a><\/p>\n\n\n\n<p><strong>2025\/12<\/strong><\/p>\n\n\n\n<p>Aikakauslehti Vartija. <a href=\"https:\/\/www.vartija-lehti.fi\/palestiinan-joulu\/\" target=\"_blank\" rel=\"noreferrer noopener\">Matti Heli\u00f6. 14.12.25. Palestiinan joulu.<\/a><\/p>\n\n\n\n<p><strong>2025\/04<\/strong><\/p>\n\n\n\n<p>Aikakauslehti Vartija. <a href=\"https:\/\/www.vartija-lehti.fi\/nyt-kun-kristinuskon-iltapaiva-koittaa\/\" target=\"_blank\" rel=\"noreferrer noopener\">Matti Peiponen. 29.4.2025. Nyt kun kristinuskon iltap\u00e4iv\u00e4 koittaa.<\/a><\/p>\n\n\n\n<p>Imatran seurakunta. <a href=\"https:\/\/www.imatranseurakunta.fi\/tutki-uskoa\/blogi\/-\/blog\/21805\/Hotelli+valitilassa#blog-article-top\" target=\"_blank\" rel=\"noreferrer noopener\">Kauko M\u00e4kinen. 16.4.2025. Hotelli v\u00e4litilassa<\/a><\/p>\n\n\n\n<p><strong>2025\/02<\/strong><\/p>\n\n\n\n<p>Aikakauslehti Vartija. <a href=\"https:\/\/www.vartija-lehti.fi\/uhrien-puolella-edes-rukouksin\/\" target=\"_blank\" rel=\"noreferrer noopener\">Lars Ahlb\u00e4ck ja Petteri Lalu. 22.2.2025. Uhrien puolella \u2013 edes rukouksin<\/a><\/p>\n\n\n\n<p>Kulttuuritoimitus.fi. <a href=\"https:\/\/kulttuuritoimitus.fi\/artikkelit\/kuukauden-lehti\/saako-jumala-turvautua-karkeisiin-valheisiin-koska-sattuu-olemaan-kaikkivaltias\/\" target=\"_blank\" rel=\"noreferrer noopener\">Matti Kuusela. 20.2.2025. Saako Jumala turvautua karkeisiin valheisiin, koska sattuu olemaan kaikkivaltias?<\/a><\/p>\n\n\n\n<p>Imatran seurakunta. <a href=\"https:\/\/www.imatranseurakunta.fi\/tutki-uskoa\/blogi\/-\/blog\/21131\/He+ovat+yha+taalla?fbclid=IwY2xjawIf2KNleHRuA2FlbQIxMQABHWD7hBK-gffX3WULtoGxiy2kHmIGHaVRVbuK1mw-ey6eHDdApfnogJMoBA_aem_-2hUA7_uMMO6sjXgwrsTZg#blog-article-top\" target=\"_blank\" rel=\"noreferrer noopener\">Kauko M\u00e4kinen. 17.2.2025. He ovat yh\u00e4 t\u00e4\u00e4ll\u00e4<\/a><\/p>\n\n\n\n<p>Aikakauslehti Vartija. <a href=\"https:\/\/www.vartija-lehti.fi\/allegorioita-ja-elamankuvia\/\" target=\"_blank\" rel=\"noreferrer noopener\">Arto K\u00f6ykk\u00e4. 9.2.2025. Allegorioita ja el\u00e4m\u00e4nkuvia<\/a><\/p>\n\n\n\n<p><strong>2024\/10<\/strong><\/p>\n\n\n\n<p>Aikakauslehti Vartija. <a href=\"https:\/\/www.vartija-lehti.fi\/uskontodialogista-ja-kristinuskon-ytimesta\/\" data-type=\"link\" data-id=\"https:\/\/www.vartija-lehti.fi\/uskontodialogista-ja-kristinuskon-ytimesta\/\" target=\"_blank\" rel=\"noreferrer noopener\">Matti Heili\u00f6. 2.10.2024. Uskontodialogista ja kristinuskon ytimest\u00e4<\/a><\/p>\n\n\n\n<p><strong>2024\/06<\/strong><\/p>\n\n\n\n<p>Aikakauslehti Vartija. <a href=\"https:\/\/www.vartija-lehti.fi\/mari-leppanen-ja-kahden-raskaan-laahuksen-pitka-varjo\/\" data-type=\"link\" data-id=\"https:\/\/www.vartija-lehti.fi\/mari-leppanen-ja-kahden-raskaan-laahuksen-pitka-varjo\/\" target=\"_blank\" rel=\"noreferrer noopener\">Hannu Kuosmanen. 6.6.2024. Mari Lepp\u00e4nen ja kahden raskaan laahuksen pitk\u00e4 varjo<\/a><\/p>\n\n\n\n<p><strong>2024\/04<\/strong><\/p>\n\n\n\n<p>Aikauslehti Vartija. <a href=\"https:\/\/www.vartija-lehti.fi\/pinnalla-ja-pinnan-alla-nakokulmia-kolmeen-raamattujulkilausumaan\/\" data-type=\"link\" data-id=\"https:\/\/www.vartija-lehti.fi\/pinnalla-ja-pinnan-alla-nakokulmia-kolmeen-raamattujulkilausumaan\/\" target=\"_blank\" rel=\"noreferrer noopener\">Jarmo Kiilunen. 25.4.24. Pinnalla ja pinnan alla: N\u00e4k\u00f6kulmia kolmeen raamattujulkilausumaan<\/a><\/p>\n\n\n\n<p>Aikakauslehti Vartija. <a href=\"https:\/\/www.vartija-lehti.fi\/tasa-arvoinen-avioliitto-on-raamatullista-ja-luterilaista\/\" data-type=\"link\" data-id=\"https:\/\/www.vartija-lehti.fi\/tasa-arvoinen-avioliitto-on-raamatullista-ja-luterilaista\/\" target=\"_blank\" rel=\"noreferrer noopener\">P\u00e4ivi V\u00e4h\u00e4kangas. 22.4.24. Tasa-arvoinen avioliitto on raamatullista ja luterilaista<\/a><\/p>\n\n\n\n<p>Aikakauslehti Vartija. <a rel=\"noreferrer noopener\" href=\"https:\/\/www.vartija-lehti.fi\/vakivallan-taustoista-tiedollisen-kulttuurin-piirissa\/\" data-type=\"link\" data-id=\"https:\/\/www.vartija-lehti.fi\/vakivallan-taustoista-tiedollisen-kulttuurin-piirissa\/\" target=\"_blank\">Petri J\u00e4rvel\u00e4inen. 11.4.2024. V\u00e4kivallan taustoista tiedollisen kulttuurin piiriss\u00e4<\/a><\/p>\n\n\n\n<p>Aikakauslehti Vartija. <a rel=\"noreferrer noopener\" href=\"https:\/\/www.vartija-lehti.fi\/kristinuskon-islamkritiikin-ylilyonnit\/\" data-type=\"link\" data-id=\"https:\/\/www.vartija-lehti.fi\/kristinuskon-islamkritiikin-ylilyonnit\/\" target=\"_blank\">Matti Heli\u00f6. 5.4.2024. Kristinuskon islamkritiikin ylily\u00f6nnit.<\/a> <\/p>\n\n\n\n<p><strong>2024\/02<\/strong><\/p>\n\n\n\n<p>Aikakauslehti Vartija. <a href=\"https:\/\/www.vartija-lehti.fi\/raamattu-muuttuu\/\" data-type=\"link\" data-id=\"https:\/\/www.vartija-lehti.fi\/raamattu-muuttuu\/\" target=\"_blank\" rel=\"noreferrer noopener\">Matti Myllykoski ja Pasi Hyyti\u00e4inen. 15.2.24. Raamattu muuttuu<\/a><\/p>\n\n\n\n<p><strong>2023\/12<\/strong><\/p>\n\n\n\n<p>Aikakauslehti Vartija. <a href=\"https:\/\/www.vartija-lehti.fi\/kaannoskonservatiivisuus-ja-raamatunkaannosten-vaajaamaton-muutos\/\" data-type=\"link\" data-id=\"https:\/\/www.vartija-lehti.fi\/kaannoskonservatiivisuus-ja-raamatunkaannosten-vaajaamaton-muutos\/\" target=\"_blank\" rel=\"noreferrer noopener\">Niko Huttunen. 30.12.23. K\u00e4\u00e4nn\u00f6skonservatiivisuus ja raamatunk\u00e4\u00e4nn\u00f6sten v\u00e4\u00e4j\u00e4\u00e4m\u00e4t\u00f6n muutos<\/a><\/p>\n\n\n\n<p>Kirkko ja kaupunki. <a href=\"https:\/\/www.kirkkojakaupunki.fi\/-\/-myos-nain-voidaan-ja-nain-tulee-viettaa-joulua-jeesus-vauva-raunioissa-voisi-olla-myos-taman-joulun-kuva\" data-type=\"link\" data-id=\"https:\/\/www.kirkkojakaupunki.fi\/-\/-myos-nain-voidaan-ja-nain-tulee-viettaa-joulua-jeesus-vauva-raunioissa-voisi-olla-myos-taman-joulun-kuva\" target=\"_blank\" rel=\"noreferrer noopener\">Kaisa Halonen. 21.12.23. &#8221;My\u00f6s n\u00e4in voidaan ja n\u00e4in tulee viett\u00e4\u00e4 joulua\u201d \u2013 Jeesus-vauva raunioissa voisi olla my\u00f6s t\u00e4m\u00e4n joulun kuva<\/a><\/p>\n\n\n\n<p><strong>2023\/11<\/strong><\/p>\n\n\n\n<p>Aikakauslehti Vartija. <a href=\"https:\/\/www.vartija-lehti.fi\/putinin-alttaripoika-avaa-nayn-syvalle-venajan-sieluun\/\" target=\"_blank\" rel=\"noreferrer noopener\">Hannu Kuosmanen. 24.11.23. Putinin alttaripoika avaa n\u00e4yn syv\u00e4lle Ven\u00e4j\u00e4n sieluun<\/a><\/p>\n\n\n\n<p>Aikakauslehti Vartija. <a href=\"https:\/\/www.vartija-lehti.fi\/psykodynaaminen-uskontotutkimus\/\" target=\"_blank\" rel=\"noreferrer noopener\">Markku Nieminen. 16.11.23. Psykodynaaminen uskontotutkimus<\/a><\/p>\n\n\n\n<p><strong>2023\/09<\/strong><\/p>\n\n\n\n<p>Aikakauslehti Vartija. <a href=\"https:\/\/www.vartija-lehti.fi\/kristikunnan-loppu-ranskalaisin-silmin\/\" data-type=\"link\" data-id=\"https:\/\/www.vartija-lehti.fi\/kristikunnan-loppu-ranskalaisin-silmin\/\" target=\"_blank\" rel=\"noreferrer noopener\">Kari Tiirola. 22.9.23. Kristikunnan loppu ranskalaisin silmin (kirja-arvio)<\/a><\/p>\n\n\n\n<p>Aikakauslehti Vartija. <a href=\"https:\/\/www.vartija-lehti.fi\/kirjailija-torsti-lehtinen-in-memoriam\/\" data-type=\"link\" data-id=\"https:\/\/www.vartija-lehti.fi\/kirjailija-torsti-lehtinen-in-memoriam\/\" target=\"_blank\" rel=\"noreferrer noopener\">Petri J\u00e4rvel\u00e4inen. 19.9.23. Kirjailija Torsti Lehtinen in memoriam<\/a><\/p>\n\n\n\n<p><strong>2023\/04<\/strong><\/p>\n\n\n\n<p>Aikakauslehti Vartija. <a href=\"https:\/\/www.vartija-lehti.fi\/kirjain-vai-henki\/\">Hannu Lehdeskoski. 11.4.23. Kirjain vai henki. Kirja-arvio Wille Riekkisen teoksesta.<\/a><\/p>\n\n\n\n<p>Aikakauslehti Vartija. <a rel=\"noreferrer noopener\" href=\"https:\/\/www.vartija-lehti.fi\/kirpeita-hedelmia-tiedon-puusta\/\" target=\"_blank\">Esko Karppanen. 7.4.23. Kirpeit\u00e4 hedelmi\u00e4 tiedon puusta<\/a><\/p>\n\n\n\n<p>Yle Areena, <a href=\"https:\/\/areena.yle.fi\/podcastit\/1-65237088\" target=\"_blank\" rel=\"noreferrer noopener\">Horisontti. 6.4.2023: Yl\u00f6snousemus &#8211; mit\u00e4 ihmett\u00e4?! Vieraina emerituspiispa Wille Riekkinen ja dosentti Matti Myllykoski. Ohjelman toimittavat Mikko Kurenlahti ja Hilkka Nevala<\/a><\/p>\n\n\n\n<p><strong>2023\/03<\/strong><\/p>\n\n\n\n<p>Aikakauslehti Vartija. <a href=\"https:\/\/www.vartija-lehti.fi\/miksi-sietaa-sietamatonta-kaytosta\/\" target=\"_blank\" rel=\"noreferrer noopener\">Sirkku Nystr\u00f6m. 14.3.23. Miksi siet\u00e4\u00e4 siet\u00e4m\u00e4t\u00f6nt\u00e4 k\u00e4yt\u00f6st\u00e4?<\/a><\/p>\n\n\n\n<p><strong>2022\/11<\/strong><\/p>\n\n\n\n<p>Maansuola.fi. <a rel=\"noreferrer noopener\" href=\"https:\/\/maansuola.fi\/rohkea-nainen-oli-piispana-liikaa-miehille\/\" target=\"_blank\">Kari Latvus. 24.11.22. Rohkea nainen oli piispana liikaa miehille<\/a><\/p>\n\n\n\n<p>Aikakauslehti Vartija. <a href=\"https:\/\/www.vartija-lehti.fi\/villiruusun-tuoksua-sydanten-piispa-irja-askola\/\" data-type=\"URL\" data-id=\"https:\/\/www.vartija-lehti.fi\/villiruusun-tuoksua-sydanten-piispa-irja-askola\/\" target=\"_blank\" rel=\"noreferrer noopener\">Pertti Poutanen. 23.11.22. Villiruusun tuoksua \u2013 Syd\u00e4nten piispa Irja Askola<\/a><\/p>\n\n\n\n<p><strong>2022\/10<\/strong><\/p>\n\n\n\n<p>Aikakauslehti Vartija. <a rel=\"noreferrer noopener\" href=\"https:\/\/www.vartija-lehti.fi\/sananen-uskon-valosta-lutherilla-ilmari-karimiehen-uudesta-tutkimuksesta\/\" target=\"_blank\">Petri J\u00e4rvel\u00e4inen. 31.10.2022. Sananen uskon valosta Lutherilla<\/a> (Ilmari Karimiehen uudesta tutkimuksesta)<\/p>\n\n\n\n<p>Aikakauslehti Vartija. <a rel=\"noreferrer noopener\" href=\"https:\/\/www.vartija-lehti.fi\/sairaalateologiaa-eli-solunsalpaajien-vaikutuksesta-teologin-aivoihin\/\" target=\"_blank\">Matti J. Kuronen. 29.10.22. Sairaalateologiaa \u2013 eli solunsalpaajien vaikutuksesta teologin aivoihin<\/a><\/p>\n\n\n\n<p>imatranseurakunta.fi. <a href=\"https:\/\/imatranseurakunta.fi\/683-globaalikirkko-paikallinen-valtakunnallinen-ja-poliittinen-17.10.22-kauko-makinen\" target=\"_blank\" rel=\"noreferrer noopener\">Kauko M\u00e4kinen. 17.10.2022. Globaalikirkko &#8211; paikallinen, valtakunnallinen ja poliittinen<\/a><\/p>\n\n\n\n<p><strong>2022\/08<\/strong><\/p>\n\n\n\n<p>Aikakauslehti Vartija. <a rel=\"noreferrer noopener\" href=\"https:\/\/www.vartija-lehti.fi\/kasikirjoituksista-ja-lutherin-erehdyksesta\/\" target=\"_blank\">Pasi Hyyti\u00e4inen. 10.8.2022. K\u00e4sikirjoituksista ja Lutherin erehdyksest\u00e4<\/a><\/p>\n\n\n\n<p>Imatranseurakunta.fi. <a href=\"https:\/\/imatranseurakunta.fi\/665-kuka-mina-todella-olen-1.8.2022-kauko-makinen\" target=\"_blank\" rel=\"noreferrer noopener\">Kauko M\u00e4kinen. 1.8.2022. Kuka min\u00e4 todella olen?<\/a><\/p>\n\n\n\n<p><strong>2022\/06<\/strong><\/p>\n\n\n\n<p>Aikakauslehti Vartija. <a href=\"https:\/\/www.vartija-lehti.fi\/godel-ja-rationaalisuuden-sokea-piste\/\" target=\"_blank\" rel=\"noreferrer noopener\">Matti Heili\u00f6. 25.6.2022. G\u00f6del ja rationaalisuuden sokea piste<\/a><\/p>\n\n\n\n<p>Imatran seurakunta, <a href=\"https:\/\/imatranseurakunta.fi\/657-erota-vai-aanestaa-kauko-makinen-9.6.2022\" data-type=\"URL\" data-id=\"https:\/\/imatranseurakunta.fi\/657-erota-vai-aanestaa-kauko-makinen-9.6.2022\" target=\"_blank\" rel=\"noreferrer noopener\">Kauko M\u00e4kinen. 9.6.2022. Erota vai \u00e4\u00e4nest\u00e4\u00e4<\/a>?<\/p>\n\n\n\n<p><strong>2022\/04<\/strong><\/p>\n\n\n\n<p>Aikakauslehti Vartija, Esko Karppanen. 3.3.2022. <a rel=\"noreferrer noopener\" href=\"https:\/\/www.vartija-lehti.fi\/myytin-totuus-ei-ole-lattea\/\" target=\"_blank\">Myytin totuus ei ole lattea<\/a>, 21.2.22. <a href=\"https:\/\/www.vartija-lehti.fi\/hui-ei-kai-tama-vain-ole-myytti\/\" data-type=\"URL\" target=\"_blank\" rel=\"noreferrer noopener\">Hui! Ei kai t\u00e4m\u00e4 vain ole myytti!?<\/a><\/p>\n\n\n\n<p><strong>2022\/02<\/strong><\/p>\n\n\n\n<p>Maansuola.fi (3.2.2022), <a href=\"https:\/\/maansuola.fi\/kirkolla-on-loistava-tulevaisuus\/\" target=\"_blank\" rel=\"noreferrer noopener\">Kirkolla on loistava tulevaisuus<\/a><\/p>\n\n\n\n<p><strong>2021\/12<\/strong><\/p>\n\n\n\n<p>YLE- uutiset (20.12.21), Heikki Hiilamon kolumni: <a rel=\"noreferrer noopener\" href=\"https:\/\/yle.fi\/uutiset\/3-12228589\" target=\"_blank\">Kirkko rakentaa itselleen suojakilpe\u00e4 syrjinn\u00e4lle<\/a><\/p>\n\n\n\n<p>Imatranseurakunta.fi (16.12.2021) <a rel=\"noreferrer noopener\" href=\"https:\/\/imatranseurakunta.fi\/619-kauko-makinen-16.12.21-yhteisyys-erilaisuudessa\" target=\"_blank\">Yhteisyys erilaisuudessa, Kauko M\u00e4kinen<\/a><\/p>\n\n\n\n<p><strong>2021\/09<\/strong><\/p>\n\n\n\n<p>Aikakauslehti Vartija: \u201dValmistaudun kuolemaan el\u00e4m\u00e4ll\u00e4\u201d. Piispa John Shelby Spong, 16.6.1931 \u2013 12.9.2021 (Sakari H\u00e4kkinen)<\/p>\n\n\n\n<p>P\u00e4\u00e4kirjoitus Maansuola.fi (9.9.2021) <a rel=\"noreferrer noopener\" href=\"https:\/\/www.maansuola.fi\/paakirjoitus-kirkon-sokeus-omalle-vihapuheelle\/\" target=\"_blank\">Kirkon sokeus omalle vihapuheelle<\/a><\/p>\n\n\n\n<p><strong>2021\/08<\/strong><\/p>\n\n\n\n<p>Kirkko ja kaupunki (9.8.2021) &#8211; <a href=\"https:\/\/www.kirkkojakaupunki.fi\/-\/naatus-arvoiltaan-kahtiajakautunut-kirkko-ei-saa-aikaan-paatoksia#df71d828\" target=\"_blank\" rel=\"noreferrer noopener\">Naatus: Arvoiltaan kahtiajakautunut kirkko ei saa aikaan p\u00e4\u00e4t\u00f6ksi\u00e4, koska jokainen pelaa omaan laariin<\/a>.<\/p>\n\n\n\n<p>Katsomuksia vaakakupissa: <a rel=\"noreferrer noopener\" href=\"http:\/\/www.mattiheilio.fi\/yhteiskuntamoraali\/suhteet-ja-protokollat-vellit-sekaisin\/\" target=\"_blank\">Suhteet ja protokollat, vellit sekaisin (Matti Heili\u00f6n blogi, 3.7.21)<\/a><\/p>\n\n\n\n<p><strong>2021\/05<\/strong><\/p>\n\n\n\n<p>Aikakauslehti Vartija, Matti Heili\u00f6  (26.5.21): <a href=\"https:\/\/www.vartija-lehti.fi\/uskonto-mielipide-ja-aste-erojen-taju\/\" target=\"_blank\" rel=\"noreferrer noopener\">Uskonto, mielipide ja aste-erojen taju<\/a><\/p>\n\n\n\n<p><strong>2020\/07<\/strong><\/p>\n\n\n\n<p><a rel=\"noreferrer noopener\" href=\"https:\/\/www.lahdenseurakunnat.fi\/uutiset\/-\/news\/73438486\/\" target=\"_blank\">Lahden seurakuntayhtym\u00e4n yhteisen kirkkovaltuuston kokous 24.6.20<\/a> (Linkiss\u00e4 on uutinen Lahden seurakuntayhtym\u00e4n sivuilla koskien kokouksen sis\u00e4lt\u00f6\u00e4. Kokouksessa k\u00e4siteltiin ja hyl\u00e4ttiin TK- liikkeen edustajien tekem\u00e4 aloite yhdenvertaisuus- ja tasa-arvotoimikunnan perustamisesta.)<\/p>\n\n\n\n<p>Aikakauslehti Vartija, Matti Taneli: <a rel=\"noreferrer noopener\" href=\"https:\/\/www.vartija-lehti.fi\/uskonnon-ja-tieteen-dialogista\/\" target=\"_blank\">Uskonnon ja tieteen dialogista<\/a><\/p>\n\n\n\n<p>Helsingin yliopisto\/ Risto Saarinen, 15.4.20: <a href=\"https:\/\/www.helsinki.fi\/fi\/uutiset\/hyvinvointiyhteiskunta\/suomalainen-uusoikeisto-ja-konservatiivikristityt-lahentyvat-toisiaan?fbclid=IwAR1PHMz6QfFuabUCjOJiaY9AZsKilmFky39fM81dv_44e0iVBgtz83ZHeMM\" target=\"_blank\" rel=\"noreferrer noopener\">Suo\u00adma\u00adlai\u00adnen uusoi\u00adkeis\u00adto ja kon\u00adser\u00adva\u00adtii\u00advi\u00adkris\u00adti\u00adtyt l\u00e4\u00adhen\u00adty\u00adv\u00e4t toi\u00adsi\u00adaan<\/a><\/p>\n\n\n\n<p><strong>2020\/03<\/strong><\/p>\n\n\n\n<p>ESS 2.3.2020: <a href=\"https:\/\/www.ess.fi\/paakirjoitus-mielipide\/808064\" target=\"_blank\" rel=\"noreferrer noopener\" aria-label=\"Uusi kirkolliskokous on edelt\u00e4j\u00e4\u00e4ns\u00e4 tasa-arvoisempi ja uudistusmielisempi, mutta suuriin muutoksiin se ei silti veny. (P\u00e4\u00e4kirjoitus) (opens in a new tab)\">Uusi kirkolliskokous on edelt\u00e4j\u00e4\u00e4ns\u00e4 tasa-arvoisempi ja uudistusmielisempi, mutta suuriin muutoksiin se ei silti veny. (P\u00e4\u00e4kirjoitus)<\/a><\/p>\n\n\n\n<p>Helsingin Sanomat, HS.fi, 1.3.2020: <a href=\"https:\/\/beta.www.hs.fi\/kotimaa\/art-2000006424132.html\" target=\"_blank\" rel=\"noreferrer noopener\" aria-label=\"Suomalaisista en\u00e4\u00e4 alle puolet maksaa kirkollisveroa (opens in a new tab)\">Suomalaisista en\u00e4\u00e4 alle puolet maksaa kirkollisveroa<\/a><\/p>\n\n\n\n<p><strong>2020\/02<\/strong><\/p>\n\n\n\n<p>Kirkko ja kaupunki: <a href=\"https:\/\/www.kirkkojakaupunki.fi\/-\/uudistusmieliset-etenivat-kirkolliskokousvaaleissa-sailyiko-konservatiiveilla-silti-maaravahemmisto-#820ca463\" target=\"_blank\" rel=\"noreferrer noopener\" aria-label=\"Uudistusmieliset eteniv\u00e4t kirkolliskokousvaaleissa - s\u00e4ilyik\u00f6 konservatiiveilla kuitenkin m\u00e4\u00e4r\u00e4v\u00e4hemmist\u00f6? (opens in a new tab)\">Uudistusmieliset eteniv\u00e4t kirkolliskokousvaaleissa &#8211; s\u00e4ilyik\u00f6 konservatiiveilla kuitenkin m\u00e4\u00e4r\u00e4v\u00e4hemmist\u00f6?<\/a><\/p>\n\n\n\n<p><strong>2020\/01<\/strong><\/p>\n\n\n\n<p>Mit\u00e4 Raamattu sanoo seksuaalisuudesta? Martti Nissisen luento Imatran Olavinkulmassa 23.1.2020 <a href=\"https:\/\/youtu.be\/PIEv9nFRT1I\" target=\"_blank\" rel=\"noreferrer noopener\" aria-label=\" (opens in a new tab)\">Linkki Youtube -videoon on t\u00e4ss\u00e4<\/a>.<\/p>\n\n\n\n<p><strong>2019\/12<\/strong><\/p>\n\n\n\n<p>Jaana Hallamaan kirjoitus Kanava-lehdess\u00e4 8\/2019, julkaistu my\u00f6s Suomen Kuvalehdess\u00e4: <a rel=\"noreferrer noopener\" href=\"https:\/\/suomenkuvalehti.fi\/jutut\/kotimaa\/paivi-rasanen-homot-on-vaikea-ymmartaa-yhta-ihmisryhmaa-halventavien-vaitteiden-esittaminen-uskonnonharjoitusta\/\" target=\"_blank\">P\u00e4ivi R\u00e4s\u00e4sen vihapuheprosessi uskonnollis-poliittisena performanssina. <\/a><\/p>\n\n\n\n<p>Tieteiden lahja: Piispojen puheenvuoro tieteiden arvosta ja teht\u00e4v\u00e4st\u00e4. Julkaistu 11\/2019. <a href=\"https:\/\/evl.fi\/documents\/1327140\/59134327\/tieteiden-lahja.-piispojen-puheenvuoro-tieteiden-arvosta-ja-tehtavasta-jumalan-luomakunnassa.pdf\">Lataa pdf- muotoinen tiedosto t\u00e4st\u00e4 linkist\u00e4.<\/a><\/p>\n\n\n\n<p><strong>2019\/ 11<\/strong><\/p>\n\n\n\n<p>Aikakauslehti Vartija\/ Matti Heli\u00f6: <a rel=\"noreferrer noopener\" href=\"https:\/\/www.vartija-lehti.fi\/uskonto-ja-tiede-puoli-matkaa-edessa\/\" target=\"_blank\">Uskonto ja tiede. Puoli matkaa edess\u00e4<\/a><\/p>\n\n\n\n<p><strong>2019\/ 05<\/strong><\/p>\n\n\n\n<p>Sukupuolisuus: Miten tulkita Raamattua? Kirkko Helsingiss\u00e4: Professori Martti Nissinen ja teologian tohtori Eero  Junkkaala keskustelivat Tuomiorovastin raamattuillassa 20.5.  Tuomiokirkon kryptassa. <a rel=\"noreferrer noopener\" href=\"https:\/\/www.youtube.com\/watch?v=VQwzlByPQC4&amp;feature=youtu.be\" target=\"_blank\">Linkki youtube -videoon.<\/a><\/p>\n\n\n\n<p><strong>2019\/ 04<\/strong><\/p>\n\n\n\n<p><a href=\"http:\/\/tulkaakaikkihame.fi\/2019\/04\/03\/aikakauslehti-vartija-tasa-arvoinen-avioliitto-kirkossa\/\" target=\"_blank\" rel=\"noreferrer noopener\" aria-label=\" (opens in a new tab)\">Aikakauslehti Vartija: Tasa-arvoinen avioliitto kirkossa<\/a><\/p>\n\n\n\n<p><strong>2019\/ 03<\/strong><\/p>\n\n\n\n<p><a href=\"https:\/\/www.hs.fi\/sunnuntai\/art-2000006028975.html\" target=\"_blank\" rel=\"noreferrer noopener\" aria-label=\"HS: Tasa-arvo takkuilee kirkossa, eik\u00e4 ihme: Jeesus on vaikea miehen malli. (Petri Merenlahti, 19.3.19) (opens in a new tab)\">HS: Tasa-arvo takkuilee kirkossa, eik\u00e4 ihme: Jeesus on vaikea miehen malli. (Petri Merenlahti, 19.3.19)<\/a><\/p>\n","protected":false},"excerpt":{"rendered":"<p>Sivulla on linkkej\u00e4 kohteisiin, joita on esitelty etusivullamme. 2026\/04 Aikakauslehti Vartija. Markku Nieminen. 6.4.2026. Kuinka ymm\u00e4rt\u00e4\u00e4 uskontoa? The Guardian. Bill McKibben. 26.4.2026. Pope Leo has stirred awake a progressive Christianity. It can rise again 2026\/03 Aikakauslehti Vartija. P\u00e4ivi V\u00e4h\u00e4kangas. 8.3.26. Naisistumisen pelko: vanhat aatteet, uudet vaatteet 2025\/12 Aikakauslehti Vartija. Matti Heli\u00f6. 14.12.25. Palestiinan joulu. 2025\/04 [&hellip;]<\/p>\n","protected":false},"author":1,"featured_media":0,"parent":0,"menu_order":0,"comment_status":"closed","ping_status":"closed","template":"","meta":{"pagelayer_contact_templates":[],"_pagelayer_content":"","footnotes":""},"class_list":["post-1180","page","type-page","status-publish","hentry"],"_links":{"self":[{"href":"https:\/\/paijathame.tulkaakaikki.net\/dir\/wp-json\/wp\/v2\/pages\/1180","targetHints":{"allow":["GET"]}}],"collection":[{"href":"https:\/\/paijathame.tulkaakaikki.net\/dir\/wp-json\/wp\/v2\/pages"}],"about":[{"href":"https:\/\/paijathame.tulkaakaikki.net\/dir\/wp-json\/wp\/v2\/types\/page"}],"author":[{"embeddable":true,"href":"https:\/\/paijathame.tulkaakaikki.net\/dir\/wp-json\/wp\/v2\/users\/1"}],"replies":[{"embeddable":true,"href":"https:\/\/paijathame.tulkaakaikki.net\/dir\/wp-json\/wp\/v2\/comments?post=1180"}],"version-history":[{"count":56,"href":"https:\/\/paijathame.tulkaakaikki.net\/dir\/wp-json\/wp\/v2\/pages\/1180\/revisions"}],"predecessor-version":[{"id":3369,"href":"https:\/\/paijathame.tulkaakaikki.net\/dir\/wp-json\/wp\/v2\/pages\/1180\/revisions\/3369"}],"wp:attachment":[{"href":"https:\/\/paijathame.tulkaakaikki.net\/dir\/wp-json\/wp\/v2\/media?parent=1180"}],"curies":[{"name":"wp","href":"https:\/\/api.w.org\/{rel}","templated":true}]}}