{"id":2937,"date":"2024-02-16T21:56:00","date_gmt":"2024-02-16T21:56:00","guid":{"rendered":"https:\/\/paijathame.tulkaakaikki.net\/dir\/?page_id=2937"},"modified":"2024-02-16T21:59:58","modified_gmt":"2024-02-16T21:59:58","slug":"tulkaa-kaikki-mikkelin-hpk-maallikkoedustajat","status":"publish","type":"page","link":"https:\/\/paijathame.tulkaakaikki.net\/dir\/tulkaa-kaikki-mikkelin-hpk-maallikkoedustajat\/","title":{"rendered":"Maallikkoedustajat Mikkelin hpk"},"content":{"rendered":"\n<p class=\"has-text-color has-medium-font-size\" style=\"color:#b3349b\"><strong>Kirkolliskokousedustajat 2024 &#8211; 2027<\/strong><\/p>\n\n\n\n<div class=\"wp-block-columns is-layout-flex wp-container-core-columns-is-layout-9d6595d7 wp-block-columns-is-layout-flex\">\n<div class=\"wp-block-column is-layout-flow wp-block-column-is-layout-flow\">\n<p class=\"has-text-align-center\"><strong>Minni Kuisma<\/strong><\/p>\n\n\n<div class=\"wp-block-image\">\n<figure class=\"aligncenter size-full\"><img loading=\"lazy\" decoding=\"async\" width=\"150\" height=\"150\" src=\"https:\/\/paijathame.tulkaakaikki.net\/dir\/wp-content\/uploads\/2024\/02\/Kuisma_Minni_150x150.jpg\" alt=\"\" class=\"wp-image-2938\"\/><\/figure>\n<\/div>\n\n\n<p class=\"has-text-align-center\">Kotka<br>nuoriso- ja vapaa-ajanohjaaja,<br>kirkolliskokousedustaja<\/p>\n<\/div>\n\n\n\n<div class=\"wp-block-column is-layout-flow wp-block-column-is-layout-flow\">\n<p class=\"has-text-align-center\"><strong>Henna Raikaslehto<\/strong><\/p>\n\n\n<div class=\"wp-block-image\">\n<figure class=\"aligncenter size-full\"><img loading=\"lazy\" decoding=\"async\" width=\"150\" height=\"150\" src=\"https:\/\/paijathame.tulkaakaikki.net\/dir\/wp-content\/uploads\/2024\/02\/raikaslehto_henna_150x150.jpg\" alt=\"\" class=\"wp-image-2939\"\/><\/figure>\n<\/div>\n\n\n<p class=\"has-text-align-center\">Imatra<br>sosionomi (YAMK), diakoni<\/p>\n<\/div>\n\n\n\n<div class=\"wp-block-column is-layout-flow wp-block-column-is-layout-flow\">\n<p class=\"has-text-align-center\"><strong>Minttu Tamski<\/strong><\/p>\n\n\n<div class=\"wp-block-image\">\n<figure class=\"aligncenter size-full\"><img loading=\"lazy\" decoding=\"async\" width=\"150\" height=\"150\" src=\"https:\/\/paijathame.tulkaakaikki.net\/dir\/wp-content\/uploads\/2024\/02\/tamski_minttu_150x150.jpg\" alt=\"\" class=\"wp-image-2940\"\/><\/figure>\n<\/div>\n\n\n<p class=\"has-text-align-center\">Mikkeli<br>esiintyj\u00e4, tuottaja<\/p>\n<\/div>\n<\/div>\n\n\n\n<p class=\"has-text-color has-medium-font-size\" style=\"color:#b3349b\"><strong>Hiippakuntavaltuuston edustajat 2024 &#8211; 2027<\/strong><\/p>\n\n\n\n<div class=\"wp-block-columns is-layout-flex wp-container-core-columns-is-layout-9d6595d7 wp-block-columns-is-layout-flex\">\n<div class=\"wp-block-column is-layout-flow wp-block-column-is-layout-flow\">\n<p class=\"has-text-align-center\"><strong>Pekka Kotiaho<\/strong><\/p>\n\n\n<div class=\"wp-block-image\">\n<figure class=\"aligncenter size-full\"><img loading=\"lazy\" decoding=\"async\" width=\"150\" height=\"150\" src=\"https:\/\/paijathame.tulkaakaikki.net\/dir\/wp-content\/uploads\/2024\/02\/Kotiaho_Pekka_150x150.jpg\" alt=\"\" class=\"wp-image-2945\"\/><\/figure>\n<\/div>\n\n\n<p class=\"has-text-align-center\">Hollola<br>DI, el\u00e4kel\u00e4isyritt\u00e4j\u00e4<\/p>\n<\/div>\n\n\n\n<div class=\"wp-block-column is-layout-flow wp-block-column-is-layout-flow\">\n<p class=\"has-text-align-center\"><strong>Minna Kuisma<\/strong><\/p>\n\n\n<div class=\"wp-block-image\">\n<figure class=\"aligncenter size-full\"><img loading=\"lazy\" decoding=\"async\" width=\"150\" height=\"150\" src=\"https:\/\/paijathame.tulkaakaikki.net\/dir\/wp-content\/uploads\/2024\/02\/Kuisma_Minni_150x150.jpg\" alt=\"\" class=\"wp-image-2938\"\/><\/figure>\n<\/div>\n\n\n<p class=\"has-text-align-center\">Kotka<br>nuoriso- ja vapaa-ajanohjaaja,<br>kirkolliskokousedustaja<\/p>\n<\/div>\n\n\n\n<div class=\"wp-block-column is-layout-flow wp-block-column-is-layout-flow\">\n<p class=\"has-text-align-center\"><strong>Salla Natunen<\/strong><\/p>\n\n\n<div class=\"wp-block-image\">\n<figure class=\"aligncenter size-full\"><img loading=\"lazy\" decoding=\"async\" width=\"150\" height=\"150\" src=\"https:\/\/paijathame.tulkaakaikki.net\/dir\/wp-content\/uploads\/2024\/02\/natunen_salla_150x150.jpg\" alt=\"\" class=\"wp-image-2946\"\/><\/figure>\n<\/div>\n\n\n<p class=\"has-text-align-center\">Nastola<br>vs. kirkon nuorisoty\u00f6nohjaaja<\/p>\n<\/div>\n<\/div>\n\n\n\n<div class=\"wp-block-columns is-layout-flex wp-container-core-columns-is-layout-9d6595d7 wp-block-columns-is-layout-flex\">\n<div class=\"wp-block-column is-layout-flow wp-block-column-is-layout-flow\">\n<p class=\"has-text-align-center\"><strong>Lilla Saaristo<\/strong><\/p>\n\n\n<div class=\"wp-block-image\">\n<figure class=\"aligncenter size-full\"><img loading=\"lazy\" decoding=\"async\" width=\"150\" height=\"150\" src=\"https:\/\/paijathame.tulkaakaikki.net\/dir\/wp-content\/uploads\/2024\/02\/saaristo_lilla_150x150.jpg\" alt=\"\" class=\"wp-image-2947\"\/><\/figure>\n<\/div>\n\n\n<p class=\"has-text-align-center\">Imatra<br>opettaja, yritt\u00e4j\u00e4<\/p>\n<\/div>\n\n\n\n<div class=\"wp-block-column is-layout-flow wp-block-column-is-layout-flow\">\n<p class=\"has-text-align-center\"><strong>Minttu Tamski<\/strong><\/p>\n\n\n<div class=\"wp-block-image\">\n<figure class=\"aligncenter size-full\"><img loading=\"lazy\" decoding=\"async\" width=\"150\" height=\"150\" src=\"https:\/\/paijathame.tulkaakaikki.net\/dir\/wp-content\/uploads\/2024\/02\/tamski_minttu_150x150.jpg\" alt=\"\" class=\"wp-image-2940\"\/><\/figure>\n<\/div>\n\n\n<p class=\"has-text-align-center\">Mikkeli<br>esiintyj\u00e4, tuottaja<\/p>\n<\/div>\n\n\n\n<div class=\"wp-block-column is-layout-flow wp-block-column-is-layout-flow\">\n<p class=\"has-text-align-center\"><\/p>\n\n\n\n<p class=\"has-text-align-center\"><\/p>\n<\/div>\n<\/div>\n\n\n\n<p>Edellisen kauden edustajat (2020 &#8211; 2023) <a href=\"https:\/\/paijathame.tulkaakaikki.net\/dir\/2020\/02\/26\/tulkaa-kaikki-mikkelin-hiippakunta-listalta-valitut-maallikot\/\" target=\"_blank\" rel=\"noreferrer noopener\">Linkki t\u00e4ss\u00e4<\/a>.<\/p>\n","protected":false},"excerpt":{"rendered":"<p>Kirkolliskokousedustajat 2024 &#8211; 2027 Minni Kuisma Kotkanuoriso- ja vapaa-ajanohjaaja,kirkolliskokousedustaja Henna Raikaslehto Imatrasosionomi (YAMK), diakoni Minttu Tamski Mikkeliesiintyj\u00e4, tuottaja Hiippakuntavaltuuston edustajat 2024 &#8211; 2027 Pekka Kotiaho HollolaDI, el\u00e4kel\u00e4isyritt\u00e4j\u00e4 Minna Kuisma Kotkanuoriso- ja vapaa-ajanohjaaja,kirkolliskokousedustaja Salla Natunen Nastolavs. kirkon nuorisoty\u00f6nohjaaja Lilla Saaristo Imatraopettaja, yritt\u00e4j\u00e4 Minttu Tamski Mikkeliesiintyj\u00e4, tuottaja Edellisen kauden edustajat (2020 &#8211; 2023) Linkki t\u00e4ss\u00e4.<\/p>\n","protected":false},"author":1,"featured_media":0,"parent":0,"menu_order":0,"comment_status":"closed","ping_status":"closed","template":"","meta":{"pagelayer_contact_templates":[],"_pagelayer_content":"","footnotes":""},"class_list":["post-2937","page","type-page","status-publish","hentry"],"_links":{"self":[{"href":"https:\/\/paijathame.tulkaakaikki.net\/dir\/wp-json\/wp\/v2\/pages\/2937","targetHints":{"allow":["GET"]}}],"collection":[{"href":"https:\/\/paijathame.tulkaakaikki.net\/dir\/wp-json\/wp\/v2\/pages"}],"about":[{"href":"https:\/\/paijathame.tulkaakaikki.net\/dir\/wp-json\/wp\/v2\/types\/page"}],"author":[{"embeddable":true,"href":"https:\/\/paijathame.tulkaakaikki.net\/dir\/wp-json\/wp\/v2\/users\/1"}],"replies":[{"embeddable":true,"href":"https:\/\/paijathame.tulkaakaikki.net\/dir\/wp-json\/wp\/v2\/comments?post=2937"}],"version-history":[{"count":13,"href":"https:\/\/paijathame.tulkaakaikki.net\/dir\/wp-json\/wp\/v2\/pages\/2937\/revisions"}],"predecessor-version":[{"id":2956,"href":"https:\/\/paijathame.tulkaakaikki.net\/dir\/wp-json\/wp\/v2\/pages\/2937\/revisions\/2956"}],"wp:attachment":[{"href":"https:\/\/paijathame.tulkaakaikki.net\/dir\/wp-json\/wp\/v2\/media?parent=2937"}],"curies":[{"name":"wp","href":"https:\/\/api.w.org\/{rel}","templated":true}]}}