{"id":3045,"date":"2024-05-28T18:15:37","date_gmt":"2024-05-28T18:15:37","guid":{"rendered":"https:\/\/paijathame.tulkaakaikki.net\/dir\/?page_id=3045"},"modified":"2026-04-26T18:34:43","modified_gmt":"2026-04-26T18:34:43","slug":"luonnos-tulkaa-kaikki-paijat-hame","status":"publish","type":"page","link":"https:\/\/paijathame.tulkaakaikki.net\/dir\/","title":{"rendered":"Tulkaa kaikki P\u00e4ij\u00e4t-H\u00e4me"},"content":{"rendered":"\n<p>Tulkaa kaikki -liike on vuonna 2005 perustettu kirkon uudistusmielisten j\u00e4senten ja yst\u00e4vien yhdysside. Tulkaa kaikki -liike haluaa her\u00e4tt\u00e4\u00e4 rehellist\u00e4 keskustelua kirkon perusteht\u00e4v\u00e4st\u00e4, lis\u00e4t\u00e4 kirkollisen p\u00e4\u00e4t\u00f6ksenteon avoimuutta ja luoda siltoja eri tavoin ajattelevien v\u00e4lille.<\/p>\n\n\n\n<p>Tulkaa kaikki -P\u00e4ij\u00e4t-H\u00e4me haluaa toimia omalta osaltaan uudistusmielisten alueellisena yhdyssiteen\u00e4. J\u00e4rjest\u00e4mme tilaisuuksia, pid\u00e4mme kokouksia, osallistumme seurakuntael\u00e4m\u00e4\u00e4n ja kerromme tavoitteistamme.<br>Tervetuloa mukaan!<\/p>\n\n\n\n<p><\/p>\n\n\n\n<div class=\"wp-block-columns is-layout-flex wp-container-core-columns-is-layout-9d6595d7 wp-block-columns-is-layout-flex\">\n<div class=\"wp-block-column is-layout-flow wp-block-column-is-layout-flow\" style=\"flex-basis:66.66%\">\n<p class=\"has-text-align-center has-white-color has-text-color has-background has-small-font-size\" style=\"background-color:#098630\"><strong><a style=\"color: white; text-decoration: none;\" href=\"https:\/\/paijathame.tulkaakaikki.net\/dir\/category\/kirjoituksia\/tk-hame\/vaikuttaminen\/blogit-2026\/\" target=\"_blank\" rel=\"noreferrer noopener\">Blogit 2026<\/a><\/strong><\/p>\n\n\n\n<div class=\"wp-block-columns is-layout-flex wp-container-core-columns-is-layout-9d6595d7 wp-block-columns-is-layout-flex\">\n<div class=\"wp-block-column is-layout-flow wp-block-column-is-layout-flow\">\n<figure class=\"wp-block-image size-full is-resized\"><a href=\"https:\/\/paijathame.tulkaakaikki.net\/dir\/2026\/01\/11\/uskon-elamankaari\/\" target=\"_blank\" rel=\" noreferrer noopener\"><img loading=\"lazy\" decoding=\"async\" width=\"150\" height=\"183\" src=\"https:\/\/paijathame.tulkaakaikki.net\/dir\/wp-content\/uploads\/2026\/01\/Sepon-kuva_pieni.jpg\" alt=\"\" class=\"wp-image-3326\" style=\"width:100px\"\/><\/a><\/figure>\n\n\n\n<p><strong>Uskon el\u00e4m\u00e4nkaari<\/strong><\/p>\n\n\n\n<p><a href=\"https:\/\/paijathame.tulkaakaikki.net\/dir\/2026\/01\/11\/uskon-elamankaari\/\" target=\"_blank\" rel=\"noreferrer noopener\">Seppo Vesala, Lahti<\/a><br>Tammikuu 2026<\/p>\n<\/div>\n\n\n\n<div class=\"wp-block-column is-layout-flow wp-block-column-is-layout-flow\">\n<p><\/p>\n<\/div>\n\n\n\n<div class=\"wp-block-column is-layout-flow wp-block-column-is-layout-flow\">\n<p><\/p>\n<\/div>\n<\/div>\n\n\n\n<p class=\"has-text-align-center has-white-color has-text-color has-background has-small-font-size\" style=\"background-color:#098630\"><strong><a style=\"color: white; text-decoration: none;\" href=\"https:\/\/paijathame.tulkaakaikki.net\/dir\/category\/kirjoituksia\/tk-hame\/vaikuttaminen\/blogit2025\/\" target=\"_blank\" rel=\"noreferrer noopener\">Blogit 2025<\/a><\/strong><\/p>\n\n\n\n<div class=\"wp-block-columns is-layout-flex wp-container-core-columns-is-layout-9d6595d7 wp-block-columns-is-layout-flex\">\n<div class=\"wp-block-column is-layout-flow wp-block-column-is-layout-flow\">\n<figure class=\"wp-block-image size-full is-resized\"><a href=\"https:\/\/paijathame.tulkaakaikki.net\/dir\/2025\/10\/26\/kahden-kirjan-kylvoa\/\" target=\"_blank\" rel=\" noreferrer noopener\"><img loading=\"lazy\" decoding=\"async\" width=\"150\" height=\"150\" src=\"https:\/\/paijathame.tulkaakaikki.net\/dir\/wp-content\/uploads\/2025\/02\/pieni_Saarelma_Markku-1.jpg\" alt=\"\" class=\"wp-image-3218\" style=\"width:100px\"\/><\/a><\/figure>\n\n\n\n<p><strong>Kahden kirjan kylv\u00f6\u00e4<\/strong><\/p>\n\n\n\n<p><a href=\"https:\/\/paijathame.tulkaakaikki.net\/dir\/2025\/10\/26\/kahden-kirjan-kylvoa\/\" target=\"_blank\" rel=\"noreferrer noopener\">Markku Saarelma, Iitti<\/a><br>Lokakuu 2025<\/p>\n<\/div>\n\n\n\n<div class=\"wp-block-column is-layout-flow wp-block-column-is-layout-flow\">\n<figure class=\"wp-block-image size-full is-resized\"><a href=\"https:\/\/paijathame.tulkaakaikki.net\/dir\/2025\/08\/31\/vaaliohjelma-2026\/\" target=\"_blank\" rel=\" noreferrer noopener\"><img loading=\"lazy\" decoding=\"async\" width=\"512\" height=\"512\" src=\"https:\/\/paijathame.tulkaakaikki.net\/dir\/wp-content\/uploads\/2022\/10\/cropped-logo_instaan.jpg\" alt=\"\" class=\"wp-image-2880\" style=\"width:100px\" srcset=\"https:\/\/paijathame.tulkaakaikki.net\/dir\/wp-content\/uploads\/2022\/10\/cropped-logo_instaan.jpg 512w, https:\/\/paijathame.tulkaakaikki.net\/dir\/wp-content\/uploads\/2022\/10\/cropped-logo_instaan-300x300.jpg 300w, https:\/\/paijathame.tulkaakaikki.net\/dir\/wp-content\/uploads\/2022\/10\/cropped-logo_instaan-150x150.jpg 150w, https:\/\/paijathame.tulkaakaikki.net\/dir\/wp-content\/uploads\/2022\/10\/cropped-logo_instaan-270x270.jpg 270w, https:\/\/paijathame.tulkaakaikki.net\/dir\/wp-content\/uploads\/2022\/10\/cropped-logo_instaan-192x192.jpg 192w, https:\/\/paijathame.tulkaakaikki.net\/dir\/wp-content\/uploads\/2022\/10\/cropped-logo_instaan-180x180.jpg 180w, https:\/\/paijathame.tulkaakaikki.net\/dir\/wp-content\/uploads\/2022\/10\/cropped-logo_instaan-32x32.jpg 32w\" sizes=\"auto, (max-width: 512px) 100vw, 512px\" \/><\/a><\/figure>\n\n\n\n<p><strong>Vaaliohjelma seurakuntavaalit 2026<\/strong><\/p>\n\n\n\n<p><\/p>\n\n\n\n<p>Elokuu 2025<\/p>\n<\/div>\n\n\n\n<div class=\"wp-block-column is-layout-flow wp-block-column-is-layout-flow\">\n<figure class=\"wp-block-image size-full is-resized\"><a href=\"https:\/\/paijathame.tulkaakaikki.net\/dir\/2025\/04\/23\/luomakunnan-varjeleminen-on-hengellinen-tehtava\/\" target=\"_blank\" rel=\"noreferrer noopener\"><img loading=\"lazy\" decoding=\"async\" width=\"500\" height=\"500\" src=\"https:\/\/paijathame.tulkaakaikki.net\/dir\/wp-content\/uploads\/2022\/10\/Esite_Sutela_Esko.jpg\" alt=\"\" class=\"wp-image-2247\" style=\"width:100px\" srcset=\"https:\/\/paijathame.tulkaakaikki.net\/dir\/wp-content\/uploads\/2022\/10\/Esite_Sutela_Esko.jpg 500w, https:\/\/paijathame.tulkaakaikki.net\/dir\/wp-content\/uploads\/2022\/10\/Esite_Sutela_Esko-300x300.jpg 300w, https:\/\/paijathame.tulkaakaikki.net\/dir\/wp-content\/uploads\/2022\/10\/Esite_Sutela_Esko-150x150.jpg 150w\" sizes=\"auto, (max-width: 500px) 100vw, 500px\" \/><\/a><\/figure>\n\n\n\n<p><strong>Luomakunnan varjeleminen on hengellinen teht\u00e4v\u00e4<\/strong><br><a href=\"https:\/\/paijathame.tulkaakaikki.net\/dir\/2025\/04\/23\/luomakunnan-varjeleminen-on-hengellinen-tehtava\/\" data-type=\"link\" data-id=\"https:\/\/paijathame.tulkaakaikki.net\/dir\/2025\/04\/23\/luomakunnan-varjeleminen-on-hengellinen-tehtava\/\" target=\"_blank\" rel=\"noreferrer noopener\">Esko Sutela, Lahti<\/a><br>Huhtikuu 2025<\/p>\n<\/div>\n<\/div>\n\n\n\n<div class=\"wp-block-columns is-layout-flex wp-container-core-columns-is-layout-9d6595d7 wp-block-columns-is-layout-flex\">\n<div class=\"wp-block-column is-layout-flow wp-block-column-is-layout-flow\">\n<figure class=\"wp-block-image size-full is-resized\"><a href=\"https:\/\/paijathame.tulkaakaikki.net\/dir\/2025\/02\/27\/seurakuntayhtyma-vai-yksi-seurakunta\/\" target=\"_blank\" rel=\"noreferrer noopener\"><img loading=\"lazy\" decoding=\"async\" width=\"150\" height=\"150\" src=\"https:\/\/paijathame.tulkaakaikki.net\/dir\/wp-content\/uploads\/2025\/02\/pieni_Helantera_Antero.jpg\" alt=\"\" class=\"wp-image-3214\" style=\"width:100px\"\/><\/a><\/figure>\n\n\n\n<p><strong>Seurakuntayhtym\u00e4 vai yksi seurakunta?<\/strong><br><a href=\"https:\/\/paijathame.tulkaakaikki.net\/dir\/2025\/02\/27\/seurakuntayhtyma-vai-yksi-seurakunta\/\" target=\"_blank\" rel=\"noreferrer noopener\">Antero Helanter\u00e4, Lahti<\/a><br>Helmikuu 2025<\/p>\n<\/div>\n\n\n\n<div class=\"wp-block-column is-layout-flow wp-block-column-is-layout-flow\">\n<figure class=\"wp-block-image size-full is-resized\"><a href=\"https:\/\/paijathame.tulkaakaikki.net\/dir\/2025\/02\/27\/unelmieni-seurakunta-oma-profiili-vai-massaseurakunta\/\" target=\"_blank\" rel=\" noreferrer noopener\"><img loading=\"lazy\" decoding=\"async\" width=\"500\" height=\"500\" src=\"https:\/\/paijathame.tulkaakaikki.net\/dir\/wp-content\/uploads\/2025\/02\/esite_Henttonen_Kai.jpg\" alt=\"\" class=\"wp-image-3175\" style=\"width:100px\" srcset=\"https:\/\/paijathame.tulkaakaikki.net\/dir\/wp-content\/uploads\/2025\/02\/esite_Henttonen_Kai.jpg 500w, https:\/\/paijathame.tulkaakaikki.net\/dir\/wp-content\/uploads\/2025\/02\/esite_Henttonen_Kai-300x300.jpg 300w, https:\/\/paijathame.tulkaakaikki.net\/dir\/wp-content\/uploads\/2025\/02\/esite_Henttonen_Kai-150x150.jpg 150w\" sizes=\"auto, (max-width: 500px) 100vw, 500px\" \/><\/a><\/figure>\n\n\n\n<p><strong>Unelmieni seurakunta \u2013 oma profiili vai massaseurakunta?<\/strong><br><a href=\"https:\/\/paijathame.tulkaakaikki.net\/dir\/2025\/02\/27\/unelmieni-seurakunta-oma-profiili-vai-massaseurakunta\/\" target=\"_blank\" rel=\"noreferrer noopener\">Kai Henttonen, Lahden Nastola<\/a><br>Helmikuu 2025<\/p>\n<\/div>\n\n\n\n<div class=\"wp-block-column is-layout-flow wp-block-column-is-layout-flow\"><\/div>\n<\/div>\n\n\n\n<p class=\"has-text-align-center has-white-color has-text-color has-background has-small-font-size\" style=\"background-color:#098630\"><strong><a style=\"color: white; text-decoration: none;\" href=\"https:\/\/paijathame.tulkaakaikki.net\/dir\/category\/kirjoituksia\/tk-hame\/vaikuttaminen\/blogit_2024\/\" target=\"_blank\" rel=\"noreferrer noopener\">Blogit 2024<\/a><\/strong><\/p>\n\n\n\n<div class=\"wp-block-columns is-layout-flex wp-container-core-columns-is-layout-9d6595d7 wp-block-columns-is-layout-flex\">\n<div class=\"wp-block-column is-layout-flow wp-block-column-is-layout-flow\">\n<figure class=\"wp-block-image size-full is-resized\"><a href=\"https:\/\/paijathame.tulkaakaikki.net\/dir\/2024\/12\/08\/hoosianna\/\" target=\"_blank\" rel=\"noreferrer noopener\"><img loading=\"lazy\" decoding=\"async\" width=\"150\" height=\"150\" src=\"https:\/\/paijathame.tulkaakaikki.net\/dir\/wp-content\/uploads\/2025\/02\/pieni_Nivala_Katri.jpg\" alt=\"\" class=\"wp-image-3211\" style=\"width:100px\"\/><\/a><\/figure>\n\n\n\n<p><strong>Hoosianna<\/strong><br><a href=\"https:\/\/paijathame.tulkaakaikki.net\/dir\/2024\/12\/08\/hoosianna\/\" data-type=\"link\" data-id=\"https:\/\/paijathame.tulkaakaikki.net\/dir\/2024\/10\/02\/samassa-todellisuudessa\/\" target=\"_blank\" rel=\"noreferrer noopener\">Katri Nivala, Lahti<\/a><br>Joulukuu 2024<\/p>\n<\/div>\n\n\n\n<div class=\"wp-block-column is-layout-flow wp-block-column-is-layout-flow\">\n<figure class=\"wp-block-image size-full is-resized\"><a href=\"https:\/\/paijathame.tulkaakaikki.net\/dir\/2024\/10\/02\/samassa-todellisuudessa\/\" target=\"_blank\" rel=\"noreferrer noopener\"><img loading=\"lazy\" decoding=\"async\" width=\"150\" height=\"150\" src=\"https:\/\/paijathame.tulkaakaikki.net\/dir\/wp-content\/uploads\/2025\/02\/pieni_Saarelma_Markku-1.jpg\" alt=\"\" class=\"wp-image-3218\" style=\"width:100px\"\/><\/a><\/figure>\n\n\n\n<p><strong>Samassa todellisudessa<\/strong><br><a href=\"https:\/\/paijathame.tulkaakaikki.net\/dir\/2024\/10\/02\/samassa-todellisuudessa\/\" data-type=\"link\" data-id=\"https:\/\/paijathame.tulkaakaikki.net\/dir\/2024\/10\/02\/samassa-todellisuudessa\/\" target=\"_blank\" rel=\"noreferrer noopener\">Markku Saarelma, Iitti<\/a><br>Lokakuu 2024<\/p>\n<\/div>\n\n\n\n<div class=\"wp-block-column is-layout-flow wp-block-column-is-layout-flow\">\n<figure class=\"wp-block-image size-full is-resized\"><a href=\"https:\/\/paijathame.tulkaakaikki.net\/dir\/2024\/06\/09\/juppihippipunkkari-kategorioinnista-kohti-moninaisuuden-sietamista-ja-ykseytta\/\" target=\"_blank\" rel=\"noreferrer noopener\"><img loading=\"lazy\" decoding=\"async\" width=\"150\" height=\"150\" src=\"https:\/\/paijathame.tulkaakaikki.net\/dir\/wp-content\/uploads\/2025\/02\/pieni_Vallo_Minna.jpg\" alt=\"\" class=\"wp-image-3213\" style=\"width:100px\"\/><\/a><\/figure>\n\n\n\n<p><strong>Juppihippipunkkari &#8211; kategorioinnista kohti <br>moninaisuuden siet\u00e4mist\u00e4 ja ykseytt\u00e4<\/strong><br><a href=\"https:\/\/paijathame.tulkaakaikki.net\/dir\/2024\/06\/09\/juppihippipunkkari-kategorioinnista-kohti-moninaisuuden-sietamista-ja-ykseytta\/\" data-type=\"link\" data-id=\"https:\/\/paijathame.tulkaakaikki.net\/dir\/2024\/06\/09\/juppihippipunkkari-kategorioinnista-kohti-moninaisuuden-sietamista-ja-ykseytta\/\" target=\"_blank\" rel=\"noreferrer noopener\">Minna Vallo, Lahti<\/a><br>Kes\u00e4kuu 2024<\/p>\n<\/div>\n<\/div>\n\n\n\n<div class=\"wp-block-columns is-layout-flex wp-container-core-columns-is-layout-9d6595d7 wp-block-columns-is-layout-flex\">\n<div class=\"wp-block-column is-layout-flow wp-block-column-is-layout-flow\">\n<figure class=\"wp-block-image size-full is-resized\"><a href=\"https:\/\/paijathame.tulkaakaikki.net\/dir\/2024\/04\/14\/elaman-synty-sattuma-vai-valttamattomyys\/\" target=\"_blank\" rel=\"noreferrer noopener\"><img loading=\"lazy\" decoding=\"async\" width=\"150\" height=\"150\" src=\"https:\/\/paijathame.tulkaakaikki.net\/dir\/wp-content\/uploads\/2025\/02\/pieni_Helantera_Antero.jpg\" alt=\"\" class=\"wp-image-3214\" style=\"width:100px\"\/><\/a><\/figure>\n\n\n\n<p><strong>El\u00e4m\u00e4n synty, sattuma vai v\u00e4ltt\u00e4m\u00e4tt\u00f6myys?<\/strong><br><a href=\"https:\/\/paijathame.tulkaakaikki.net\/dir\/2024\/04\/14\/elaman-synty-sattuma-vai-valttamattomyys\/\" data-type=\"link\" data-id=\"https:\/\/paijathame.tulkaakaikki.net\/dir\/2024\/04\/14\/elaman-synty-sattuma-vai-valttamattomyys\/\" target=\"_blank\" rel=\"noreferrer noopener\">Antero Helanter\u00e4, Lahti<\/a><br>Huhtikuu 2024<\/p>\n<\/div>\n\n\n\n<div class=\"wp-block-column is-layout-flow wp-block-column-is-layout-flow\">\n<figure class=\"wp-block-image size-full is-resized\"><a href=\"https:\/\/paijathame.tulkaakaikki.net\/dir\/2024\/02\/20\/miten-kavi-vaaleissa\/\" target=\"_blank\" rel=\"noreferrer noopener\"><img loading=\"lazy\" decoding=\"async\" width=\"150\" height=\"150\" src=\"https:\/\/paijathame.tulkaakaikki.net\/dir\/wp-content\/uploads\/2025\/02\/pieni_Rauhala_Pentti.jpg\" alt=\"\" class=\"wp-image-3215\" style=\"width:100px\"\/><\/a><\/figure>\n\n\n\n<p><strong>Miten k\u00e4vi vaaleissa<\/strong><br><a href=\"https:\/\/paijathame.tulkaakaikki.net\/dir\/2024\/02\/20\/miten-kavi-vaaleissa\/\" target=\"_blank\" rel=\"noreferrer noopener\">Pentti Rauhala, Lahti<\/a><br>Helmikuu 2024<\/p>\n<\/div>\n\n\n\n<div class=\"wp-block-column is-layout-flow wp-block-column-is-layout-flow\">\n<p><\/p>\n<\/div>\n<\/div>\n\n\n\n<p class=\"has-text-align-center has-background has-small-font-size\" style=\"background-color:#098630\"><strong><a style=\"color: white; text-decoration: none;\" href=\"https:\/\/paijathame.tulkaakaikki.net\/dir\/category\/kirjoituksia\/tk-hame\/vaikuttaminen\/blogit-2023\/\" target=\"_blank\" rel=\"noopener\">Blogit 2023<\/a><\/strong><\/p>\n\n\n\n<div class=\"wp-block-columns is-layout-flex wp-container-core-columns-is-layout-9d6595d7 wp-block-columns-is-layout-flex\">\n<div class=\"wp-block-column is-layout-flow wp-block-column-is-layout-flow\">\n<figure class=\"wp-block-image size-full is-resized\"><a href=\"https:\/\/paijathame.tulkaakaikki.net\/dir\/2023\/12\/03\/paalupaikalta-paatoksentekijaksi\/\" target=\"_blank\" rel=\"noreferrer noopener\"><img loading=\"lazy\" decoding=\"async\" width=\"331\" height=\"331\" src=\"https:\/\/paijathame.tulkaakaikki.net\/dir\/wp-content\/uploads\/2023\/02\/blogisti_mauno.jpg\" alt=\"\" class=\"wp-image-2601\" style=\"width:100px\" srcset=\"https:\/\/paijathame.tulkaakaikki.net\/dir\/wp-content\/uploads\/2023\/02\/blogisti_mauno.jpg 331w, https:\/\/paijathame.tulkaakaikki.net\/dir\/wp-content\/uploads\/2023\/02\/blogisti_mauno-300x300.jpg 300w, https:\/\/paijathame.tulkaakaikki.net\/dir\/wp-content\/uploads\/2023\/02\/blogisti_mauno-150x150.jpg 150w\" sizes=\"auto, (max-width: 331px) 100vw, 331px\" \/><\/a><\/figure>\n\n\n\n<p><strong>Paalupaikalta p\u00e4\u00e4t\u00f6ksentekij\u00e4ksi<\/strong><br><a href=\"https:\/\/paijathame.tulkaakaikki.net\/dir\/2023\/12\/03\/paalupaikalta-paatoksentekijaksi\/\" target=\"_blank\" rel=\"noreferrer noopener\">Mauno Nivala, Lahti<\/a><br>Joulukuu 2023<\/p>\n<\/div>\n\n\n\n<div class=\"wp-block-column is-layout-flow wp-block-column-is-layout-flow\">\n<figure class=\"wp-block-image size-full is-resized\"><a href=\"https:\/\/paijathame.tulkaakaikki.net\/dir\/2023\/10\/03\/tiedemiehen-eramaavaellus\/\" target=\"_blank\" rel=\"noreferrer noopener\"><img loading=\"lazy\" decoding=\"async\" width=\"500\" height=\"500\" src=\"https:\/\/paijathame.tulkaakaikki.net\/dir\/wp-content\/uploads\/2022\/10\/esite_Kuokkanen_Hannu-1.jpg\" alt=\"\" class=\"wp-image-2201\" style=\"width:100px;height:auto\" srcset=\"https:\/\/paijathame.tulkaakaikki.net\/dir\/wp-content\/uploads\/2022\/10\/esite_Kuokkanen_Hannu-1.jpg 500w, https:\/\/paijathame.tulkaakaikki.net\/dir\/wp-content\/uploads\/2022\/10\/esite_Kuokkanen_Hannu-1-300x300.jpg 300w, https:\/\/paijathame.tulkaakaikki.net\/dir\/wp-content\/uploads\/2022\/10\/esite_Kuokkanen_Hannu-1-150x150.jpg 150w\" sizes=\"auto, (max-width: 500px) 100vw, 500px\" \/><\/a><\/figure>\n\n\n\n<p><strong>Tiedemiehen er\u00e4maavaellus<\/strong><br><a href=\"https:\/\/paijathame.tulkaakaikki.net\/dir\/2023\/10\/03\/tiedemiehen-eramaavaellus\/\" target=\"_blank\" rel=\"noreferrer noopener\">Hannu Kuokkanen, Lahti<\/a><br>Lokakuu 2023<\/p>\n<\/div>\n\n\n\n<div class=\"wp-block-column is-layout-flow wp-block-column-is-layout-flow\">\n<figure class=\"wp-block-image size-full is-resized\"><a href=\"https:\/\/paijathame.tulkaakaikki.net\/dir\/2023\/07\/31\/kirkko-muuttuu-sittenkin\/\" target=\"_blank\" rel=\"noreferrer noopener\"><img loading=\"lazy\" decoding=\"async\" width=\"500\" height=\"500\" src=\"https:\/\/paijathame.tulkaakaikki.net\/dir\/wp-content\/uploads\/2022\/10\/esite_Saarelma-Paukkala_Minna.jpg\" alt=\"\" class=\"wp-image-2216\" style=\"width:99px;height:auto\" srcset=\"https:\/\/paijathame.tulkaakaikki.net\/dir\/wp-content\/uploads\/2022\/10\/esite_Saarelma-Paukkala_Minna.jpg 500w, https:\/\/paijathame.tulkaakaikki.net\/dir\/wp-content\/uploads\/2022\/10\/esite_Saarelma-Paukkala_Minna-300x300.jpg 300w, https:\/\/paijathame.tulkaakaikki.net\/dir\/wp-content\/uploads\/2022\/10\/esite_Saarelma-Paukkala_Minna-150x150.jpg 150w\" sizes=\"auto, (max-width: 500px) 100vw, 500px\" \/><\/a><\/figure>\n\n\n\n<p><strong>Kirkko muuttuu, sittenkin.<\/strong><br><a href=\"https:\/\/paijathame.tulkaakaikki.net\/dir\/2023\/07\/31\/kirkko-muuttuu-sittenkin\/\" target=\"_blank\" rel=\"noreferrer noopener\">Minna Saarelma-Paukkala, Lahti<\/a><br>Hein\u00e4kuu 2023<\/p>\n<\/div>\n<\/div>\n\n\n\n<div class=\"wp-block-columns is-layout-flex wp-container-core-columns-is-layout-9d6595d7 wp-block-columns-is-layout-flex\">\n<div class=\"wp-block-column is-layout-flow wp-block-column-is-layout-flow\">\n<figure class=\"wp-block-image size-full is-resized\"><a href=\"https:\/\/paijathame.tulkaakaikki.net\/dir\/2023\/06\/17\/mahdollisuus-kirkon-uudelle-arvojohtajuudelle\/\" target=\"_blank\" rel=\"noreferrer noopener\"><img loading=\"lazy\" decoding=\"async\" width=\"500\" height=\"500\" src=\"https:\/\/paijathame.tulkaakaikki.net\/dir\/wp-content\/uploads\/2022\/10\/esite_Kulmasu_Alvar.jpg\" alt=\"\" class=\"wp-image-2202\" style=\"width:100px;height:auto\" srcset=\"https:\/\/paijathame.tulkaakaikki.net\/dir\/wp-content\/uploads\/2022\/10\/esite_Kulmasu_Alvar.jpg 500w, https:\/\/paijathame.tulkaakaikki.net\/dir\/wp-content\/uploads\/2022\/10\/esite_Kulmasu_Alvar-300x300.jpg 300w, https:\/\/paijathame.tulkaakaikki.net\/dir\/wp-content\/uploads\/2022\/10\/esite_Kulmasu_Alvar-150x150.jpg 150w\" sizes=\"auto, (max-width: 500px) 100vw, 500px\" \/><\/a><\/figure>\n\n\n\n<p><strong>Mahdollisuus kirkon uudelle arvojohtajuudelle<\/strong><br><a href=\"https:\/\/paijathame.tulkaakaikki.net\/dir\/2023\/06\/17\/mahdollisuus-kirkon-uudelle-arvojohtajuudelle\/\" target=\"_blank\" rel=\"noreferrer noopener\">Alvar K\u00fclm\u00e4su, Lahti<\/a><br>Kes\u00e4kuu 2023<\/p>\n<\/div>\n\n\n\n<div class=\"wp-block-column is-layout-flow wp-block-column-is-layout-flow\">\n<figure class=\"wp-block-image size-full is-resized\"><a href=\"https:\/\/paijathame.tulkaakaikki.net\/dir\/2023\/04\/09\/mita-toivon-uudelta-piispalta\/\" target=\"_blank\" rel=\"noreferrer noopener\"><img loading=\"lazy\" decoding=\"async\" width=\"150\" height=\"150\" src=\"https:\/\/paijathame.tulkaakaikki.net\/dir\/wp-content\/uploads\/2025\/02\/pieni_Rauhala_Pentti.jpg\" alt=\"\" class=\"wp-image-3215\" style=\"width:100px\"\/><\/a><\/figure>\n\n\n\n<p><strong>Mit\u00e4 toivon uudelta piispalta?<\/strong><br><a href=\"https:\/\/paijathame.tulkaakaikki.net\/dir\/2023\/04\/09\/mita-toivon-uudelta-piispalta\/\" target=\"_blank\" rel=\"noreferrer noopener\">Pentti Rauhala, Lahti<\/a><br>Huhtikuu 2023<\/p>\n<\/div>\n\n\n\n<div class=\"wp-block-column is-layout-flow wp-block-column-is-layout-flow\">\n<figure class=\"wp-block-image size-full is-resized\"><a href=\"https:\/\/paijathame.tulkaakaikki.net\/dir\/2023\/02\/08\/mita-se-hyodyttaa\/\" target=\"_blank\" rel=\"noreferrer noopener\"><img loading=\"lazy\" decoding=\"async\" width=\"331\" height=\"331\" src=\"https:\/\/paijathame.tulkaakaikki.net\/dir\/wp-content\/uploads\/2023\/02\/blogisti_mauno.jpg\" alt=\"\" class=\"wp-image-2601\" style=\"width:100px;height:auto\" srcset=\"https:\/\/paijathame.tulkaakaikki.net\/dir\/wp-content\/uploads\/2023\/02\/blogisti_mauno.jpg 331w, https:\/\/paijathame.tulkaakaikki.net\/dir\/wp-content\/uploads\/2023\/02\/blogisti_mauno-300x300.jpg 300w, https:\/\/paijathame.tulkaakaikki.net\/dir\/wp-content\/uploads\/2023\/02\/blogisti_mauno-150x150.jpg 150w\" sizes=\"auto, (max-width: 331px) 100vw, 331px\" \/><\/a><\/figure>\n\n\n\n<p><strong>Mit\u00e4 se hy\u00f6dytt\u00e4\u00e4?<\/strong><br><a href=\"https:\/\/paijathame.tulkaakaikki.net\/dir\/2023\/02\/08\/mita-se-hyodyttaa\/\" target=\"_blank\" rel=\"noreferrer noopener\">Mauno Nivala, Lahti<\/a><br>Helmikuu 2023<\/p>\n<\/div>\n<\/div>\n<\/div>\n\n\n\n<div class=\"wp-block-column is-layout-flow wp-block-column-is-layout-flow\" style=\"flex-basis:33.33%\">\n<p class=\"has-text-align-center has-white-color has-text-color has-background has-link-color wp-elements-47ea20c8a4f96ba9e54b047afa7bc9bc\" style=\"background-color:#098630\"><strong><a style=\"color: white; text-decoration: none;\" href=\"=&quot;https:\/\/paijathame.tulkaakaikki.net\/dir\/2025\/08\/31\/vaaliohjelma-2026\/&quot;\" target=\"_blank\" rel=\"noreferrer noopener\">Vaaliohjelma 2026<\/a><\/strong><\/p>\n\n\n\n<p><strong>Seuraava kokoontuminen<\/strong><\/p>\n\n\n\n<figure class=\"wp-block-image size-full\"><img loading=\"lazy\" decoding=\"async\" width=\"600\" height=\"449\" src=\"https:\/\/paijathame.tulkaakaikki.net\/dir\/wp-content\/uploads\/2026\/04\/huhti24.jpg\" alt=\"\" class=\"wp-image-3365\" srcset=\"https:\/\/paijathame.tulkaakaikki.net\/dir\/wp-content\/uploads\/2026\/04\/huhti24.jpg 600w, https:\/\/paijathame.tulkaakaikki.net\/dir\/wp-content\/uploads\/2026\/04\/huhti24-300x225.jpg 300w\" sizes=\"auto, (max-width: 600px) 100vw, 600px\" \/><\/figure>\n\n\n\n<p class=\"has-text-align-left has-small-font-size\">Seuraava kokoontumisemme on keskiviikkona 29.4.26, klo 18. Paikkana Marian kammari<\/p>\n\n\n\n<p class=\"has-text-color\" style=\"color:#000000;font-size:16px\"><strong>Mielenkiintoista muualla<\/strong><\/p>\n\n\n\n<p>The Guardian. <a href=\"https:\/\/www.theguardian.com\/us-news\/ng-interactive\/2026\/apr\/26\/pope-leo-trump-hegseth-christianity\" target=\"_blank\" rel=\"noreferrer noopener\">Bill McKibben. 26.4.2026. Pope Leo has stirred awake a progressive Christianity. It can rise again<\/a><\/p>\n\n\n\n<p>Aikakauslehti Vartija. <a href=\"https:\/\/www.vartija-lehti.fi\/kuinka-ymmartaa-uskontoa\/\" target=\"_blank\" rel=\"noreferrer noopener\">Markku Nieminen. 6.4.2026. Kuinka ymm\u00e4rt\u00e4\u00e4 uskontoa?<\/a><\/p>\n\n\n\n<p>Aikakauslehti Vartija. <a href=\"https:\/\/www.vartija-lehti.fi\/naisistumisen-pelko-vanhat-aatteet-uudet-vaatteet\/\" target=\"_blank\" rel=\"noreferrer noopener\">P\u00e4ivi V\u00e4h\u00e4kangas. 8.3.26. Naisistumisen pelko: vanhat aatteet, uudet vaatteet<\/a><\/p>\n\n\n\n<p><\/p>\n\n\n\n<p>Kaikki linkit ryhm\u00e4st\u00e4 <a rel=\"noreferrer noopener\" href=\"https:\/\/paijathame.tulkaakaikki.net\/dir\/mielenkiintoista-muualla\/\" data-type=\"link\" data-id=\"https:\/\/paijathame.tulkaakaikki.net\/dir\/mielenkiintoista-muualla\/\" target=\"_blank\">&#8221;Mielenkiintoista muualta&#8221;<\/a><\/p>\n\n\n\n<p class=\"has-text-align-center has-small-font-size\"><\/p>\n\n\n\n<p class=\"has-light-gray-background-color has-background\"><strong>Hannu Lehdeskoski: <a style=\"color: black; text-decoration: none;\" rel=\"noopener\" href=\"https:\/\/paijathame.tulkaakaikki.net\/dir\/2024\/05\/28\/progressive-chritianity-org\/\" data-type=\"link\" data-id=\"https:\/\/paijathame.tulkaakaikki.net\/dir\/2024\/05\/28\/progressive-chritianity-org\/\" target=\"_blank\">Millaisia kristittyj\u00e4 ovat progressiiviset kristityt?<\/a><\/strong><\/p>\n\n\n\n<p class=\"has-text-align-center has-small-font-size\"><a href=\"https:\/\/progressivechristianity.org\/\" target=\"_blank\" rel=\"noreferrer noopener\">https:\/\/progressivechristianity.org\/<\/a><\/p>\n\n\n\n<p class=\"has-text-align-center has-small-font-size\"><a href=\"https:\/\/www.facebook.com\/ProgressiveChristianity.org\" target=\"_blank\" rel=\"noreferrer noopener\">https:\/\/www.facebook.com\/ProgressiveChristianity.org<\/a><\/p>\n<\/div>\n<\/div>\n\n\n\n<p class=\"has-text-color has-normal-font-size\" style=\"color:#000000\"><strong>Uusimmat jutut<\/strong><\/p>\n\n\n<ul class=\"wp-block-latest-posts__list is-grid columns-3 has-dates alignleft wp-block-latest-posts\"><li><a class=\"wp-block-latest-posts__post-title\" href=\"https:\/\/paijathame.tulkaakaikki.net\/dir\/2026\/01\/11\/uskon-elamankaari\/\">Uskon el\u00e4m\u00e4nkaari<\/a><time datetime=\"2026-01-11T19:22:18+00:00\" class=\"wp-block-latest-posts__post-date\">11.1.2026<\/time><\/li>\n<li><a class=\"wp-block-latest-posts__post-title\" href=\"https:\/\/paijathame.tulkaakaikki.net\/dir\/2025\/10\/26\/kahden-kirjan-kylvoa\/\">Kahden kirjan kylv\u00f6\u00e4<\/a><time datetime=\"2025-10-26T22:06:58+00:00\" class=\"wp-block-latest-posts__post-date\">26.10.2025<\/time><\/li>\n<li><a class=\"wp-block-latest-posts__post-title\" href=\"https:\/\/paijathame.tulkaakaikki.net\/dir\/2025\/08\/31\/vaaliohjelma-2026\/\">TK P\u00e4ij\u00e4t-H\u00e4meen vaaliohjelma vuoden 2026 seurakuntavaaleihin<\/a><time datetime=\"2025-08-31T19:38:28+00:00\" class=\"wp-block-latest-posts__post-date\">31.8.2025<\/time><\/li>\n<li><a class=\"wp-block-latest-posts__post-title\" href=\"https:\/\/paijathame.tulkaakaikki.net\/dir\/2025\/04\/23\/luomakunnan-varjeleminen-on-hengellinen-tehtava\/\">Luomakunnan varjeleminen on hengellinen teht\u00e4v\u00e4<\/a><time datetime=\"2025-04-23T20:28:03+00:00\" class=\"wp-block-latest-posts__post-date\">23.4.2025<\/time><\/li>\n<li><a class=\"wp-block-latest-posts__post-title\" href=\"https:\/\/paijathame.tulkaakaikki.net\/dir\/2025\/02\/27\/seurakuntayhtyma-vai-yksi-seurakunta\/\">Seurakuntayhtym\u00e4 vai yksi seurakunta?<\/a><time datetime=\"2025-02-27T12:13:08+00:00\" class=\"wp-block-latest-posts__post-date\">27.2.2025<\/time><\/li>\n<\/ul>\n\n\n<p class=\"has-text-align-center has-text-color has-medium-font-size\" style=\"color:#000000\"><strong>Valtakunnallinen Tulkaa kaikki- liike<\/strong><\/p>\n\n\n\n<div class=\"wp-block-columns is-layout-flex wp-container-core-columns-is-layout-9d6595d7 wp-block-columns-is-layout-flex\">\n<div class=\"wp-block-column is-layout-flow wp-block-column-is-layout-flow\">\n<p class=\"has-background\" style=\"background-color:#f9f9f9\"><strong>Tulkaa kaikki- liikkeen ohjelma<\/strong><br>Se l\u00f6ytyy liikkeen nettisivulta. Jos kannatat tavoitteitamme, allekirjoita ohjelma nettisivulla. S\u00e4hk\u00f6postiosoitteen antaneet saavat muutaman kerran vuodessa TK- liikkeen yleiskirjeen ajankohtaisista asioista. <a rel=\"noreferrer noopener\" href=\"https:\/\/tulkaakaikki.net\/ohjelma\/\" target=\"_blank\">Ohjelma ja allekirjoitusohjeet l\u00f6ytyv\u00e4t t\u00e4st\u00e4 linkist\u00e4. <\/a><\/p>\n<\/div>\n\n\n\n<div class=\"wp-block-column is-layout-flow wp-block-column-is-layout-flow\">\n<p class=\"has-background\" style=\"background-color:#f9f9f9\"><strong>Tulkaa kaikki -liikkeen tuki ry.<\/strong> <br>Yhdistyksen tarkoituksena on edist\u00e4\u00e4 tasa-arvoa, yhdenvertaisuutta ja p\u00e4\u00e4t\u00f6ksenteon avoimuutta valtakunnallisesti Suomen evankelis-luterilaisessa kirkossa. Tarkoituksensa toteuttamiseksi yhdistys tukee valitsijayhdistyksi\u00e4 seurakunta-, hiippakuntavaltuusto- ja kirkolliskokousvaaleissa sek\u00e4 kampanjoi valtakunnallisesti. <a rel=\"noreferrer noopener\" href=\"https:\/\/tulkaakaikki.net\/tukiyhdistys\/\" target=\"_blank\">Lis\u00e4tietoa ja liittymisohjeet t\u00e4st\u00e4 linkist\u00e4.<\/a><\/p>\n<\/div>\n<\/div>\n","protected":false},"excerpt":{"rendered":"<p>Tulkaa kaikki -liike on vuonna 2005 perustettu kirkon uudistusmielisten j\u00e4senten ja yst\u00e4vien yhdysside. Tulkaa kaikki -liike haluaa her\u00e4tt\u00e4\u00e4 rehellist\u00e4 keskustelua kirkon perusteht\u00e4v\u00e4st\u00e4, lis\u00e4t\u00e4 kirkollisen p\u00e4\u00e4t\u00f6ksenteon avoimuutta ja luoda siltoja eri tavoin ajattelevien v\u00e4lille. Tulkaa kaikki -P\u00e4ij\u00e4t-H\u00e4me haluaa toimia omalta osaltaan uudistusmielisten alueellisena yhdyssiteen\u00e4. J\u00e4rjest\u00e4mme tilaisuuksia, pid\u00e4mme kokouksia, osallistumme seurakuntael\u00e4m\u00e4\u00e4n ja kerromme tavoitteistamme.Tervetuloa mukaan! Blogit 2026 [&hellip;]<\/p>\n","protected":false},"author":1,"featured_media":0,"parent":0,"menu_order":0,"comment_status":"closed","ping_status":"closed","template":"","meta":{"pagelayer_contact_templates":[],"_pagelayer_content":"","footnotes":""},"class_list":["post-3045","page","type-page","status-publish","hentry"],"_links":{"self":[{"href":"https:\/\/paijathame.tulkaakaikki.net\/dir\/wp-json\/wp\/v2\/pages\/3045","targetHints":{"allow":["GET"]}}],"collection":[{"href":"https:\/\/paijathame.tulkaakaikki.net\/dir\/wp-json\/wp\/v2\/pages"}],"about":[{"href":"https:\/\/paijathame.tulkaakaikki.net\/dir\/wp-json\/wp\/v2\/types\/page"}],"author":[{"embeddable":true,"href":"https:\/\/paijathame.tulkaakaikki.net\/dir\/wp-json\/wp\/v2\/users\/1"}],"replies":[{"embeddable":true,"href":"https:\/\/paijathame.tulkaakaikki.net\/dir\/wp-json\/wp\/v2\/comments?post=3045"}],"version-history":[{"count":143,"href":"https:\/\/paijathame.tulkaakaikki.net\/dir\/wp-json\/wp\/v2\/pages\/3045\/revisions"}],"predecessor-version":[{"id":3370,"href":"https:\/\/paijathame.tulkaakaikki.net\/dir\/wp-json\/wp\/v2\/pages\/3045\/revisions\/3370"}],"wp:attachment":[{"href":"https:\/\/paijathame.tulkaakaikki.net\/dir\/wp-json\/wp\/v2\/media?parent=3045"}],"curies":[{"name":"wp","href":"https:\/\/api.w.org\/{rel}","templated":true}]}}